{"id":744,"date":"2019-06-20T12:43:01","date_gmt":"2019-06-20T12:43:01","guid":{"rendered":"https:\/\/www.canadacis.org\/?page_id=744"},"modified":"2024-05-14T20:27:31","modified_gmt":"2024-05-14T20:27:31","slug":"lavoratori-autonomi","status":"publish","type":"page","link":"https:\/\/www.canadacis.org\/it\/immigrazione\/immigrazione-per-affari\/lavoratori-autonomi\/","title":{"rendered":"Lavoratori Autonomi"},"content":{"rendered":"\t\t<div data-elementor-type=\"wp-post\" data-elementor-id=\"744\" class=\"elementor elementor-744\" data-elementor-post-type=\"page\">\n\t\t\t\t\t\t<section class=\"elementor-section elementor-top-section elementor-element elementor-element-2b4ac760 elementor-section-stretched elementor-section-full_width elementor-section-height-min-height elementor-section-items-stretch elementor-section-height-default\" data-id=\"2b4ac760\" data-element_type=\"section\" data-settings=\"{&quot;stretch_section&quot;:&quot;section-stretched&quot;,&quot;background_background&quot;:&quot;classic&quot;}\">\n\t\t\t\t\t\t<div class=\"elementor-container elementor-column-gap-default\">\n\t\t\t\t\t<div class=\"elementor-column elementor-col-100 elementor-top-column elementor-element elementor-element-2a52db7a\" data-id=\"2a52db7a\" data-element_type=\"column\" data-settings=\"{&quot;background_background&quot;:&quot;classic&quot;}\">\n\t\t\t<div class=\"elementor-widget-wrap elementor-element-populated\">\n\t\t\t\t\t\t<div class=\"elementor-element elementor-element-3ab023ac elementor-widget elementor-widget-spacer\" data-id=\"3ab023ac\" data-element_type=\"widget\" data-widget_type=\"spacer.default\">\n\t\t\t\t<div class=\"elementor-widget-container\">\n\t\t\t\t\t\t\t<div class=\"elementor-spacer\">\n\t\t\t<div class=\"elementor-spacer-inner\"><\/div>\n\t\t<\/div>\n\t\t\t\t\t\t<\/div>\n\t\t\t\t<\/div>\n\t\t\t\t\t<\/div>\n\t\t<\/div>\n\t\t\t\t\t<\/div>\n\t\t<\/section>\n\t\t\t\t<section class=\"elementor-section elementor-top-section elementor-element elementor-element-daa8b55 elementor-section-boxed elementor-section-height-default elementor-section-height-default\" data-id=\"daa8b55\" data-element_type=\"section\" data-settings=\"{&quot;background_background&quot;:&quot;classic&quot;}\">\n\t\t\t\t\t\t<div class=\"elementor-container elementor-column-gap-default\">\n\t\t\t\t\t<div class=\"elementor-column elementor-col-100 elementor-top-column elementor-element elementor-element-ae1d8df\" data-id=\"ae1d8df\" data-element_type=\"column\">\n\t\t\t<div class=\"elementor-widget-wrap elementor-element-populated\">\n\t\t\t\t\t\t<div class=\"elementor-element elementor-element-a7c945a elementor-widget elementor-widget-heading\" data-id=\"a7c945a\" data-element_type=\"widget\" data-settings=\"{&quot;_animation&quot;:&quot;none&quot;,&quot;_animation_delay&quot;:&quot;300&quot;}\" data-widget_type=\"heading.default\">\n\t\t\t\t<div class=\"elementor-widget-container\">\n\t\t\t\t\t<h1 class=\"elementor-heading-title elementor-size-default\">Programma per i lavoratori autonomi in Canada<\/h1>\t\t\t\t<\/div>\n\t\t\t\t<\/div>\n\t\t\t\t\t<\/div>\n\t\t<\/div>\n\t\t\t\t\t<\/div>\n\t\t<\/section>\n\t\t\t\t<section class=\"elementor-section elementor-top-section elementor-element elementor-element-fa974bb elementor-section-boxed elementor-section-height-default elementor-section-height-default\" data-id=\"fa974bb\" data-element_type=\"section\" data-settings=\"{&quot;background_background&quot;:&quot;classic&quot;}\">\n\t\t\t\t\t\t\t<div class=\"elementor-background-overlay\"><\/div>\n\t\t\t\t\t\t\t<div class=\"elementor-container elementor-column-gap-default\">\n\t\t\t\t\t<div class=\"elementor-column elementor-col-100 elementor-top-column elementor-element elementor-element-b4cad39 elementor-invisible\" data-id=\"b4cad39\" data-element_type=\"column\" data-settings=\"{&quot;background_background&quot;:&quot;classic&quot;,&quot;animation&quot;:&quot;fadeInLeft&quot;}\">\n\t\t\t<div class=\"elementor-widget-wrap elementor-element-populated\">\n\t\t\t\t\t\t<div class=\"elementor-element elementor-element-5d3d5cd elementor-widget elementor-widget-breadcrumbs\" data-id=\"5d3d5cd\" data-element_type=\"widget\" data-widget_type=\"breadcrumbs.default\">\n\t\t\t\t<div class=\"elementor-widget-container\">\n\t\t\t\t\t<p id=\"breadcrumbs\"><span><span><a href=\"https:\/\/www.canadacis.org\/it\/\">Home<\/a><\/span><\/span><\/p>\t\t\t\t<\/div>\n\t\t\t\t<\/div>\n\t\t\t\t<div class=\"elementor-element elementor-element-50d0b9f elementor-widget elementor-widget-text-editor\" data-id=\"50d0b9f\" data-element_type=\"widget\" data-widget_type=\"text-editor.default\">\n\t\t\t\t<div class=\"elementor-widget-container\">\n\t\t\t\t\t\t\t\t\t<p>Se entri in Canada attraverso il programma per i lavoratori autonomi, devi avere un&#8217;esperienza rilevante in attivit\u00e0 culturali o atletiche. Devi anche essere pronto e disposto a contribuire alla vita culturale o atletica del Canada. L&#8217;elenco dei tipi di carriera \u00e8 elencato nella classificazione nazionale delle occupazioni del Canada ed \u00e8 suddiviso in <strong>due categorie.<\/strong><\/p>\t\t\t\t\t\t\t\t<\/div>\n\t\t\t\t<\/div>\n\t\t\t\t<div class=\"elementor-element elementor-element-58445c2 elementor-widget elementor-widget-toggle\" data-id=\"58445c2\" data-element_type=\"widget\" data-widget_type=\"toggle.default\">\n\t\t\t\t<div class=\"elementor-widget-container\">\n\t\t\t\t\t\t\t<div class=\"elementor-toggle\">\n\t\t\t\t\t\t\t<div class=\"elementor-toggle-item\">\n\t\t\t\t\t<div id=\"elementor-tab-title-9251\" class=\"elementor-tab-title\" data-tab=\"1\" role=\"button\" aria-controls=\"elementor-tab-content-9251\" aria-expanded=\"false\">\n\t\t\t\t\t\t\t\t\t\t\t\t<span class=\"elementor-toggle-icon elementor-toggle-icon-left\" aria-hidden=\"true\">\n\t\t\t\t\t\t\t\t\t\t\t\t\t\t\t<span class=\"elementor-toggle-icon-closed\"><svg xmlns=\"http:\/\/www.w3.org\/2000\/svg\" xmlns:xlink=\"http:\/\/www.w3.org\/1999\/xlink\" id=\"Layer_1\" x=\"0px\" y=\"0px\" viewBox=\"0 0 1792 1792\" style=\"enable-background:new 0 0 1792 1792;\" xml:space=\"preserve\"><path d=\"M1604.2,132.9L896,1659L187.8,132.9L896,506.4L1604.2,132.9z\"><\/path><\/svg><\/span>\n\t\t\t\t\t\t\t\t<span class=\"elementor-toggle-icon-opened\"><svg xmlns=\"http:\/\/www.w3.org\/2000\/svg\" xmlns:xlink=\"http:\/\/www.w3.org\/1999\/xlink\" id=\"Layer_1\" x=\"0px\" y=\"0px\" viewBox=\"0 0 1792 1792\" style=\"enable-background:new 0 0 1792 1792;\" xml:space=\"preserve\"><path d=\"M187.8,1659L896,132.9L1604.2,1659L896,1285.5L187.8,1659z\"><\/path><\/svg><\/span>\n\t\t\t\t\t\t\t\t\t\t\t\t\t<\/span>\n\t\t\t\t\t\t\t\t\t\t\t\t<a class=\"elementor-toggle-title\" tabindex=\"0\">Culturale<\/a>\n\t\t\t\t\t<\/div>\n\n\t\t\t\t\t<div id=\"elementor-tab-content-9251\" class=\"elementor-tab-content elementor-clearfix\" data-tab=\"1\" role=\"region\" aria-labelledby=\"elementor-tab-title-9251\"><ul>\n    <li style=\"font-weight: 400\"><span style=\"font-weight: 400\">Pittore<\/span><\/li>\n    <li style=\"font-weight: 400\"><span style=\"font-weight: 400\">Ballerino<\/span><\/li>\n    <li style=\"font-weight: 400\"><span style=\"font-weight: 400\">Giornalista<\/span><\/li>\n    <li style=\"font-weight: 400\"><span style=\"font-weight: 400\">Scrittore<\/span><\/li>\n    <li style=\"font-weight: 400\"><span style=\"font-weight: 400\">Musicista<\/span><\/li>\n    <li style=\"font-weight: 400\"><span style=\"font-weight: 400\">Designer<\/span><\/li>\n<\/ul>\n<strong>Esperienza richiesta:<\/strong>\n<ol>\n    <li><span style=\"font-weight: 400\">Due anni di lavoro autonomo nell&#8217;attivit\u00e0 culturale, OPPURE<\/span><\/li>\n    <li><span style=\"font-weight: 400\">Due anni di partecipazione a livello mondiale in attivit\u00e0 culturali, OPPURE<\/span><\/li>\n    <li><span style=\"font-weight: 400\">Combinazione: un anno per quanto descritto in A e un anno per quanto descritto in B<\/span><\/li>\n<\/ol><\/div>\n\t\t\t\t<\/div>\n\t\t\t\t\t\t\t<div class=\"elementor-toggle-item\">\n\t\t\t\t\t<div id=\"elementor-tab-title-9252\" class=\"elementor-tab-title\" data-tab=\"2\" role=\"button\" aria-controls=\"elementor-tab-content-9252\" aria-expanded=\"false\">\n\t\t\t\t\t\t\t\t\t\t\t\t<span class=\"elementor-toggle-icon elementor-toggle-icon-left\" aria-hidden=\"true\">\n\t\t\t\t\t\t\t\t\t\t\t\t\t\t\t<span class=\"elementor-toggle-icon-closed\"><svg xmlns=\"http:\/\/www.w3.org\/2000\/svg\" xmlns:xlink=\"http:\/\/www.w3.org\/1999\/xlink\" id=\"Layer_1\" x=\"0px\" y=\"0px\" viewBox=\"0 0 1792 1792\" style=\"enable-background:new 0 0 1792 1792;\" xml:space=\"preserve\"><path d=\"M1604.2,132.9L896,1659L187.8,132.9L896,506.4L1604.2,132.9z\"><\/path><\/svg><\/span>\n\t\t\t\t\t\t\t\t<span class=\"elementor-toggle-icon-opened\"><svg xmlns=\"http:\/\/www.w3.org\/2000\/svg\" xmlns:xlink=\"http:\/\/www.w3.org\/1999\/xlink\" id=\"Layer_1\" x=\"0px\" y=\"0px\" viewBox=\"0 0 1792 1792\" style=\"enable-background:new 0 0 1792 1792;\" xml:space=\"preserve\"><path d=\"M187.8,1659L896,132.9L1604.2,1659L896,1285.5L187.8,1659z\"><\/path><\/svg><\/span>\n\t\t\t\t\t\t\t\t\t\t\t\t\t<\/span>\n\t\t\t\t\t\t\t\t\t\t\t\t<a class=\"elementor-toggle-title\" tabindex=\"0\">Sportivo\/Atletico<\/a>\n\t\t\t\t\t<\/div>\n\n\t\t\t\t\t<div id=\"elementor-tab-content-9252\" class=\"elementor-tab-content elementor-clearfix\" data-tab=\"2\" role=\"region\" aria-labelledby=\"elementor-tab-title-9252\"><ul><li style=\"font-weight: 400\"><span style=\"font-weight: 400\">Allenatore sportivo<\/span><\/li><li style=\"font-weight: 400\"><span style=\"font-weight: 400\">Atleta<\/span><\/li><li style=\"font-weight: 400\"><span style=\"font-weight: 400\">Arbitro<\/span><\/li><li style=\"font-weight: 400\"><span style=\"font-weight: 400\">Leader di programma<\/span><\/li><\/ul><h3><strong>Esperienza richiesta:<\/strong><\/h3><ol><li><span style=\"font-weight: 400\">Due anni di lavoro autonomo nell&#8217;ambito sportivo, OPPURE<\/span><\/li><li><span style=\"font-weight: 400\">Due anni di partecipazione a livello mondiale nell&#8217;ambito sportivo, OPPURE<\/span><\/li><li><span style=\"font-weight: 400\">Combinazione: un anno per quanto descritto in A e un anno per quanto descritto in B<\/span><\/li><\/ol><\/div>\n\t\t\t\t<\/div>\n\t\t\t\t\t\t\t\t<\/div>\n\t\t\t\t\t\t<\/div>\n\t\t\t\t<\/div>\n\t\t\t\t<div class=\"elementor-element elementor-element-733a36f elementor-widget elementor-widget-heading\" data-id=\"733a36f\" data-element_type=\"widget\" data-settings=\"{&quot;_animation&quot;:&quot;none&quot;}\" data-widget_type=\"heading.default\">\n\t\t\t\t<div class=\"elementor-widget-container\">\n\t\t\t\t\t<h2 class=\"elementor-heading-title elementor-size-default\">Sei idoneo per il programma per i lavoratori autonomi?<\/h2>\t\t\t\t<\/div>\n\t\t\t\t<\/div>\n\t\t\t\t<div class=\"elementor-element elementor-element-7394a6b elementor-widget elementor-widget-text-editor\" data-id=\"7394a6b\" data-element_type=\"widget\" data-widget_type=\"text-editor.default\">\n\t\t\t\t<div class=\"elementor-widget-container\">\n\t\t\t\t\t\t\t\t\t<span style=\"font-weight: 400\">Il programma utilizza il sistema di accumulo dei punti basato sui seguenti criteri:<\/span>\n<ul>\n    <li style=\"font-weight: 400\"><b>Esperienza lavorativa<\/b><span style=\"font-weight: 400\"> &#8211; almeno due anni di esperienza nel tuo campo (punteggio fino a cinque anni)<\/span><\/li>\n    <li style=\"font-weight: 400\"><b>Istruzione &#8211; <\/b><span style=\"font-weight: 400\">qualifica terziaria o abilit\u00e0 rilevante nel tuo campo<\/span><\/li>\n    <li style=\"font-weight: 400\"><b>Et\u00e0<\/b><span style=\"font-weight: 400\"> &#8211; idealmente compresa tra i 18 e i 35 anni<\/span><\/li>\n    <li style=\"font-weight: 400\"><b>Competenze linguistiche<\/b><span style=\"font-weight: 400\"> &#8211; competente nelle lingue ufficiali del Canada (base, moderata, alta)<\/span><\/li>\n    <li style=\"font-weight: 400\"><b>Adattabilit\u00e0<\/b><span style=\"font-weight: 400\"> &#8211; quanto sarebbe facile assimilarsi nella societ\u00e0 canadese<\/span><\/li>\n<\/ul>\n<span style=\"font-weight: 400\">Anche la tua et\u00e0 e quella del coniuge contano; i candidati pi\u00f9 giovani sono fortemente preferiti. Pi\u00f9 anni di esperienza lavorativa, pi\u00f9 alto sar\u00e0 il punteggio ottenuto. L&#8217;esperienza atletica a livello di competizione contribuisce anche al tuo punteggio.<\/span>\n\n<span style=\"font-weight: 400\">Il punteggio delle competenze linguistiche sarebbe ottimo se sapessi parlare sia inglese che francese. Anche il punteggio di adattabilit\u00e0 conta molto; dovresti riuscire nell&#8217;immersione culturale del Canada.<\/span>\t\t\t\t\t\t\t\t<\/div>\n\t\t\t\t<\/div>\n\t\t\t\t<section class=\"elementor-section elementor-inner-section elementor-element elementor-element-92e6892 elementor-section-boxed elementor-section-height-default elementor-section-height-default\" data-id=\"92e6892\" data-element_type=\"section\">\n\t\t\t\t\t\t<div class=\"elementor-container elementor-column-gap-default\">\n\t\t\t\t\t<div class=\"elementor-column elementor-col-50 elementor-inner-column elementor-element elementor-element-9b8d8cf\" data-id=\"9b8d8cf\" data-element_type=\"column\" data-settings=\"{&quot;background_background&quot;:&quot;classic&quot;}\">\n\t\t\t<div class=\"elementor-widget-wrap elementor-element-populated\">\n\t\t\t\t\t\t<div class=\"elementor-element elementor-element-4cf4aa8 elementor-widget elementor-widget-image\" data-id=\"4cf4aa8\" data-element_type=\"widget\" data-widget_type=\"image.default\">\n\t\t\t\t<div class=\"elementor-widget-container\">\n\t\t\t\t\t\t\t\t\t\t\t\t<figure class=\"wp-caption\">\n\t\t\t\t\t\t\t\t\t\t<img fetchpriority=\"high\" decoding=\"async\" width=\"500\" height=\"300\" src=\"https:\/\/www.canadacis.org\/app\/uploads\/sites\/3\/2024\/05\/Self-Employed-Program.png\" class=\"attachment-large size-large wp-image-11499\" alt=\"\" srcset=\"https:\/\/www.canadacis.org\/app\/uploads\/sites\/3\/2024\/05\/Self-Employed-Program.png 500w, https:\/\/www.canadacis.org\/app\/uploads\/sites\/3\/2024\/05\/Self-Employed-Program-300x180.png 300w\" sizes=\"(max-width: 500px) 100vw, 500px\" \/>\t\t\t\t\t\t\t\t\t\t\t<figcaption class=\"widget-image-caption wp-caption-text\">Ci sono molte opportunit\u00e0 per gli immigrati lavoratori autonomi in Canada. Quasi la met\u00e0 della popolazione attiva \u00e8 attualmente un lavoratore autonomo!<\/figcaption>\n\t\t\t\t\t\t\t\t\t\t<\/figure>\n\t\t\t\t\t\t\t\t\t<\/div>\n\t\t\t\t<\/div>\n\t\t\t\t\t<\/div>\n\t\t<\/div>\n\t\t\t\t<div class=\"elementor-column elementor-col-50 elementor-inner-column elementor-element elementor-element-a60ed4e\" data-id=\"a60ed4e\" data-element_type=\"column\">\n\t\t\t<div class=\"elementor-widget-wrap elementor-element-populated\">\n\t\t\t\t\t\t<div class=\"elementor-element elementor-element-edf5ac0 elementor-widget elementor-widget-image\" data-id=\"edf5ac0\" data-element_type=\"widget\" data-widget_type=\"image.default\">\n\t\t\t\t<div class=\"elementor-widget-container\">\n\t\t\t\t\t\t\t\t\t\t\t\t<figure class=\"wp-caption\">\n\t\t\t\t\t\t\t\t\t\t<img decoding=\"async\" width=\"500\" height=\"300\" src=\"https:\/\/www.canadacis.org\/app\/uploads\/sites\/3\/2024\/05\/How-to-Apply-to-Self-Employed-Program.png\" class=\"attachment-large size-large wp-image-11500\" alt=\"\" srcset=\"https:\/\/www.canadacis.org\/app\/uploads\/sites\/3\/2024\/05\/How-to-Apply-to-Self-Employed-Program.png 500w, https:\/\/www.canadacis.org\/app\/uploads\/sites\/3\/2024\/05\/How-to-Apply-to-Self-Employed-Program-300x180.png 300w\" sizes=\"(max-width: 500px) 100vw, 500px\" \/>\t\t\t\t\t\t\t\t\t\t\t<figcaption class=\"widget-image-caption wp-caption-text\">Immigrare per lavoro in Canada come lavoratore autonomo offre maggiori possibilit\u00e0 di scegliere una carriera alle tue condizioni pur continuando a ricevere i benefici lavorativi canadesi.<\/figcaption>\n\t\t\t\t\t\t\t\t\t\t<\/figure>\n\t\t\t\t\t\t\t\t\t<\/div>\n\t\t\t\t<\/div>\n\t\t\t\t\t<\/div>\n\t\t<\/div>\n\t\t\t\t\t<\/div>\n\t\t<\/section>\n\t\t\t\t\t<\/div>\n\t\t<\/div>\n\t\t\t\t\t<\/div>\n\t\t<\/section>\n\t\t\t\t<section class=\"elementor-section elementor-top-section elementor-element elementor-element-1eabb34 elementor-section-boxed elementor-section-height-default elementor-section-height-default\" data-id=\"1eabb34\" data-element_type=\"section\" data-settings=\"{&quot;background_background&quot;:&quot;classic&quot;}\">\n\t\t\t\t\t\t\t<div class=\"elementor-background-overlay\"><\/div>\n\t\t\t\t\t\t\t<div class=\"elementor-container elementor-column-gap-default\">\n\t\t\t\t\t<div class=\"elementor-column elementor-col-100 elementor-top-column elementor-element elementor-element-a3227cb elementor-invisible\" data-id=\"a3227cb\" data-element_type=\"column\" data-settings=\"{&quot;background_background&quot;:&quot;classic&quot;,&quot;animation&quot;:&quot;fadeInLeft&quot;}\">\n\t\t\t<div class=\"elementor-widget-wrap elementor-element-populated\">\n\t\t\t\t\t\t<div class=\"elementor-element elementor-element-4b2adbe elementor-widget elementor-widget-heading\" data-id=\"4b2adbe\" data-element_type=\"widget\" data-settings=\"{&quot;_animation&quot;:&quot;none&quot;}\" data-widget_type=\"heading.default\">\n\t\t\t\t<div class=\"elementor-widget-container\">\n\t\t\t\t\t<h2 class=\"elementor-heading-title elementor-size-default\">Come fare domanda per il programma per i lavoratori autonomi?<\/h2>\t\t\t\t<\/div>\n\t\t\t\t<\/div>\n\t\t\t\t<div class=\"elementor-element elementor-element-960eacf elementor-widget elementor-widget-image\" data-id=\"960eacf\" data-element_type=\"widget\" data-widget_type=\"image.default\">\n\t\t\t\t<div class=\"elementor-widget-container\">\n\t\t\t\t\t\t\t\t\t\t\t\t<figure class=\"wp-caption\">\n\t\t\t\t\t\t\t\t\t\t<img decoding=\"async\" width=\"500\" height=\"300\" src=\"https:\/\/www.canadacis.org\/app\/uploads\/sites\/3\/2024\/05\/Business-Program.png\" class=\"attachment-large size-large wp-image-11501\" alt=\"\" srcset=\"https:\/\/www.canadacis.org\/app\/uploads\/sites\/3\/2024\/05\/Business-Program.png 500w, https:\/\/www.canadacis.org\/app\/uploads\/sites\/3\/2024\/05\/Business-Program-300x180.png 300w\" sizes=\"(max-width: 500px) 100vw, 500px\" \/>\t\t\t\t\t\t\t\t\t\t\t<figcaption class=\"widget-image-caption wp-caption-text\">Programma aziendale - Canada CSI<\/figcaption>\n\t\t\t\t\t\t\t\t\t\t<\/figure>\n\t\t\t\t\t\t\t\t\t<\/div>\n\t\t\t\t<\/div>\n\t\t\t\t<div class=\"elementor-element elementor-element-bd3bd0c elementor-widget elementor-widget-text-editor\" data-id=\"bd3bd0c\" data-element_type=\"widget\" data-widget_type=\"text-editor.default\">\n\t\t\t\t<div class=\"elementor-widget-container\">\n\t\t\t\t\t\t\t\t\t<p><span style=\"font-weight: 400\">Avrai bisogno di un visto per affari e ci sono varie opzioni per questo. La pi\u00f9 popolare \u00e8 il programma federale per gli affari. Puoi anche optare per il visto Start-up e vari visti provinciali per imprenditori. Puoi inoltre richiedere un visto per visitatori d&#8217;affari se prevedi di venire in Canada per sei mesi o meno.<\/span><\/p><p><span style=\"font-weight: 400\">Dovresti anche registrare la tua attivit\u00e0 commerciale prima di avviare la tua attivit\u00e0 in Canada. Dipender\u00e0 dalla provincia e dal tipo di attivit\u00e0 che sceglierai, che sia una ditta individuale, una societ\u00e0 di persone o una societ\u00e0 per azioni.<\/span><\/p><p><span style=\"font-weight: 400\">Il Programma per lavoratori autonomi offre varie flessibilit\u00e0. Potresti essere attualmente autonomo in un settore come la fotografia ma avere sufficiente esperienza nell&#8217;agricoltura; questo ti aprir\u00e0 altre opzioni disponibili. Il modo migliore per determinare le tue possibilit\u00e0 in base a questo programma \u00e8 discutere con i nostri esperti consulenti per l&#8217;immigrazione in Canada. <strong>PARLA CON NOI ORA!<\/strong><\/span><\/p>\t\t\t\t\t\t\t\t<\/div>\n\t\t\t\t<\/div>\n\t\t\t\t\t<\/div>\n\t\t<\/div>\n\t\t\t\t\t<\/div>\n\t\t<\/section>\n\t\t\t\t<section class=\"elementor-section elementor-top-section elementor-element elementor-element-8703030 elementor-hidden-desktop elementor-hidden-tablet elementor-hidden-mobile elementor-section-boxed elementor-section-height-default elementor-section-height-default\" data-id=\"8703030\" data-element_type=\"section\" data-settings=\"{&quot;background_background&quot;:&quot;classic&quot;}\">\n\t\t\t\t\t\t\t<div class=\"elementor-background-overlay\"><\/div>\n\t\t\t\t\t\t\t<div class=\"elementor-container elementor-column-gap-default\">\n\t\t\t\t\t<div class=\"elementor-column elementor-col-100 elementor-top-column elementor-element elementor-element-5fc5ca5\" data-id=\"5fc5ca5\" data-element_type=\"column\">\n\t\t\t<div class=\"elementor-widget-wrap\">\n\t\t\t\t\t\t\t<\/div>\n\t\t<\/div>\n\t\t\t\t\t<\/div>\n\t\t<\/section>\n\t\t\t\t<section class=\"elementor-section elementor-top-section elementor-element elementor-element-2c41cba7 elementor-hidden-desktop elementor-hidden-tablet elementor-hidden-mobile elementor-section-boxed elementor-section-height-default elementor-section-height-default\" data-id=\"2c41cba7\" data-element_type=\"section\" data-settings=\"{&quot;background_background&quot;:&quot;classic&quot;}\">\n\t\t\t\t\t\t\t<div class=\"elementor-background-overlay\"><\/div>\n\t\t\t\t\t\t\t<div class=\"elementor-container elementor-column-gap-default\">\n\t\t\t\t\t<div class=\"elementor-column elementor-col-100 elementor-top-column elementor-element elementor-element-5f4593ae\" data-id=\"5f4593ae\" data-element_type=\"column\">\n\t\t\t<div class=\"elementor-widget-wrap elementor-element-populated\">\n\t\t\t\t\t\t<div class=\"elementor-element elementor-element-6f1c2b60 elementor-drop-cap-yes envato-kit-93-drop-cap elementor-drop-cap-view-default elementor-invisible elementor-widget elementor-widget-text-editor\" data-id=\"6f1c2b60\" data-element_type=\"widget\" data-settings=\"{&quot;drop_cap&quot;:&quot;yes&quot;,&quot;_animation&quot;:&quot;fadeInUp&quot;}\" data-widget_type=\"text-editor.default\">\n\t\t\t\t<div class=\"elementor-widget-container\">\n\t\t\t\t\t\t\t\t\t<p>Per avere diritto all&#8217;immigrazione in Canada con un<strong> programma<\/strong> <strong>per i lavoratori autonomi,<\/strong> il richiedente deve possedere l&#8217;esperienza artistica, atletica o agricola pertinente che ha consentito loro di essere autonomi mentre vivevano nel loro paese di origine.<\/p><p><br \/>Il candidato deve inoltre essere in grado di apportare un contributo ragionevolmente significativo a uno di questi tre settori attraverso la sua esperienza e le sue competenze in Canada, al fine di ottenere risultati positivi sulla sua domanda. La National Occupation Classification of Canada (NOC) contiene un elenco completo di tutti i tipi di professioni che fanno parte di queste tre categorie. Per la maggior parte, non c&#8217;\u00e8 eccezione a questo elenco.<\/p>\t\t\t\t\t\t\t\t<\/div>\n\t\t\t\t<\/div>\n\t\t\t\t<div class=\"elementor-element elementor-element-5d8d0e7 elementor-invisible elementor-widget elementor-widget-heading\" data-id=\"5d8d0e7\" data-element_type=\"widget\" data-settings=\"{&quot;_animation&quot;:&quot;fadeInLeft&quot;}\" data-widget_type=\"heading.default\">\n\t\t\t\t<div class=\"elementor-widget-container\">\n\t\t\t\t\t<h5 class=\"elementor-heading-title elementor-size-default\">Tipi di professioni ammessi:<\/h5>\t\t\t\t<\/div>\n\t\t\t\t<\/div>\n\t\t\t\t<section class=\"elementor-section elementor-inner-section elementor-element elementor-element-4e7aea0c elementor-section-boxed elementor-section-height-default elementor-section-height-default\" data-id=\"4e7aea0c\" data-element_type=\"section\">\n\t\t\t\t\t\t<div class=\"elementor-container elementor-column-gap-default\">\n\t\t\t\t\t<div class=\"elementor-column elementor-col-50 elementor-inner-column elementor-element elementor-element-99eeb1a elementor-invisible\" data-id=\"99eeb1a\" data-element_type=\"column\" data-settings=\"{&quot;animation&quot;:&quot;fadeInUp&quot;}\">\n\t\t\t<div class=\"elementor-widget-wrap elementor-element-populated\">\n\t\t\t\t\t\t<div class=\"elementor-element elementor-element-18965a81 elementor-widget elementor-widget-text-editor\" data-id=\"18965a81\" data-element_type=\"widget\" data-widget_type=\"text-editor.default\">\n\t\t\t\t<div class=\"elementor-widget-container\">\n\t\t\t\t\t\t\t\t\t<ul><li><span style=\"color: #48494c\">Artista<\/span><\/li><li><span style=\"color: #48494c\">Ballerina<\/span><\/li><li><span style=\"color: #48494c\">Giornalista<\/span><\/li><li><span style=\"color: #48494c\">Scrittore<\/span><\/li><li><span style=\"color: #48494c\">Musicista<\/span><\/li><li><span style=\"color: #48494c\">Designer<\/span><\/li><\/ul>\t\t\t\t\t\t\t\t<\/div>\n\t\t\t\t<\/div>\n\t\t\t\t\t<\/div>\n\t\t<\/div>\n\t\t\t\t<div class=\"elementor-column elementor-col-50 elementor-inner-column elementor-element elementor-element-51d8a9fc elementor-invisible\" data-id=\"51d8a9fc\" data-element_type=\"column\" data-settings=\"{&quot;animation&quot;:&quot;fadeInUp&quot;,&quot;animation_delay&quot;:&quot;200&quot;}\">\n\t\t\t<div class=\"elementor-widget-wrap elementor-element-populated\">\n\t\t\t\t\t\t<div class=\"elementor-element elementor-element-2fbc4b8e elementor-widget elementor-widget-text-editor\" data-id=\"2fbc4b8e\" data-element_type=\"widget\" data-widget_type=\"text-editor.default\">\n\t\t\t\t<div class=\"elementor-widget-container\">\n\t\t\t\t\t\t\t\t\t<ul><li><span style=\"color: #48494c\">Atleta<\/span><\/li><li><span style=\"color: #48494c\">Arbitro<\/span><\/li><li><span style=\"color: #48494c\">Responsabile del Programma<\/span><\/li><li><span style=\"color: #48494c\">Proprietario della fattoria<\/span><\/li><li><span style=\"color: #48494c\">Agricoltore<\/span><\/li><\/ul>\t\t\t\t\t\t\t\t<\/div>\n\t\t\t\t<\/div>\n\t\t\t\t\t<\/div>\n\t\t<\/div>\n\t\t\t\t\t<\/div>\n\t\t<\/section>\n\t\t\t\t\t<\/div>\n\t\t<\/div>\n\t\t\t\t\t<\/div>\n\t\t<\/section>\n\t\t\t\t<section class=\"elementor-section elementor-top-section elementor-element elementor-element-c23953c elementor-hidden-desktop elementor-hidden-tablet elementor-hidden-mobile elementor-section-boxed elementor-section-height-default elementor-section-height-default\" data-id=\"c23953c\" data-element_type=\"section\">\n\t\t\t\t\t\t<div class=\"elementor-container elementor-column-gap-default\">\n\t\t\t\t\t<div class=\"elementor-column elementor-col-100 elementor-top-column elementor-element elementor-element-179650ba\" data-id=\"179650ba\" data-element_type=\"column\">\n\t\t\t<div class=\"elementor-widget-wrap elementor-element-populated\">\n\t\t\t\t\t\t<section class=\"elementor-section elementor-inner-section elementor-element elementor-element-10e557d3 elementor-section-height-min-height elementor-section-boxed elementor-section-height-default elementor-invisible\" data-id=\"10e557d3\" data-element_type=\"section\" data-settings=\"{&quot;animation&quot;:&quot;fadeInUp&quot;,&quot;animation_delay&quot;:&quot;200&quot;,&quot;background_background&quot;:&quot;classic&quot;}\">\n\t\t\t\t\t\t<div class=\"elementor-container elementor-column-gap-default\">\n\t\t\t\t\t<div class=\"elementor-column elementor-col-100 elementor-inner-column elementor-element elementor-element-5b6a576e elementor-invisible\" data-id=\"5b6a576e\" data-element_type=\"column\" data-settings=\"{&quot;animation&quot;:&quot;fadeInLeft&quot;}\">\n\t\t\t<div class=\"elementor-widget-wrap elementor-element-populated\">\n\t\t\t\t\t\t<div class=\"elementor-element elementor-element-f350469 elementor-widget elementor-widget-heading\" data-id=\"f350469\" data-element_type=\"widget\" data-widget_type=\"heading.default\">\n\t\t\t\t<div class=\"elementor-widget-container\">\n\t\t\t\t\t<h5 class=\"elementor-heading-title elementor-size-default\">Il valore netto non \u00e8 un criterio di selezione<\/h5>\t\t\t\t<\/div>\n\t\t\t\t<\/div>\n\t\t\t\t<div class=\"elementor-element elementor-element-50303290 elementor-widget elementor-widget-text-editor\" data-id=\"50303290\" data-element_type=\"widget\" data-widget_type=\"text-editor.default\">\n\t\t\t\t<div class=\"elementor-widget-container\">\n\t\t\t\t\t\t\t\t\t<p>Una delle cose meravigliose di questo<strong> programma per i lavoratori autonomi<\/strong>\u00a0che lo distingue dal visto per imprenditori \u00e8 che non ci \u00e8 requisito il valore netto. Significa che il patrimonio netto del candidato non importa per la decisione finale. Tuttavia, \u00e8 necessario disporre di fondi sufficienti per l&#8217;immigrazione, secondo la procedura standard per ogni tipo di visto. Ci\u00f2 include il sostegno a tutti i familiari a carico (coniuge o figli) che si intende portare in Canada con se. Effettivamente, c&#8217;\u00e8 la libert\u00e0 di impostare il proprio business alle proprie condizioni, contribuendo all&#8217;economia canadese nel proprio modo unico, senza la pressione di un certo margine di profitto o mentalit\u00e0 aziendale.<\/p>\t\t\t\t\t\t\t\t<\/div>\n\t\t\t\t<\/div>\n\t\t\t\t\t<\/div>\n\t\t<\/div>\n\t\t\t\t\t<\/div>\n\t\t<\/section>\n\t\t\t\t<section class=\"elementor-section elementor-inner-section elementor-element elementor-element-168f9f6f elementor-section-height-min-height elementor-section-boxed elementor-section-height-default elementor-invisible\" data-id=\"168f9f6f\" data-element_type=\"section\" data-settings=\"{&quot;animation&quot;:&quot;fadeInUp&quot;,&quot;background_background&quot;:&quot;classic&quot;,&quot;animation_delay&quot;:&quot;200&quot;}\">\n\t\t\t\t\t\t<div class=\"elementor-container elementor-column-gap-default\">\n\t\t\t\t\t<div class=\"elementor-column elementor-col-100 elementor-inner-column elementor-element elementor-element-59a7b7ab elementor-invisible\" data-id=\"59a7b7ab\" data-element_type=\"column\" data-settings=\"{&quot;animation&quot;:&quot;fadeInLeft&quot;}\">\n\t\t\t<div class=\"elementor-widget-wrap elementor-element-populated\">\n\t\t\t\t\t\t<div class=\"elementor-element elementor-element-269dce03 elementor-widget elementor-widget-heading\" data-id=\"269dce03\" data-element_type=\"widget\" data-widget_type=\"heading.default\">\n\t\t\t\t<div class=\"elementor-widget-container\">\n\t\t\t\t\t<h5 class=\"elementor-heading-title elementor-size-default\">Variet\u00e0 Di Possibilit\u00e0<\/h5>\t\t\t\t<\/div>\n\t\t\t\t<\/div>\n\t\t\t\t<div class=\"elementor-element elementor-element-32e3b6d3 elementor-widget elementor-widget-text-editor\" data-id=\"32e3b6d3\" data-element_type=\"widget\" data-widget_type=\"text-editor.default\">\n\t\t\t\t<div class=\"elementor-widget-container\">\n\t\t\t\t\t\t\t\t\t<p>Il <strong>programma per i lavoratori autonomi<\/strong> viene con diverse opzioni di carriera tra cui scegliere. Questo significa che anche se siete attualmente lavoratori autonomi in un campo (ad esempio: fotografia), ma avete adeguata esperienza in altri campi, ad esempio in agricoltura attraverso una propriet\u00e0 di famiglia nel vostro paese di origine, avete pi\u00f9 opzioni disponibili. Puoi parlarne con i nostri rappresentanti e trovare un percorso che sarebbe la scelta migliore per la tua immigrazione di successo.<\/p>\t\t\t\t\t\t\t\t<\/div>\n\t\t\t\t<\/div>\n\t\t\t\t\t<\/div>\n\t\t<\/div>\n\t\t\t\t\t<\/div>\n\t\t<\/section>\n\t\t\t\t\t<\/div>\n\t\t<\/div>\n\t\t\t\t\t<\/div>\n\t\t<\/section>\n\t\t\t\t<\/div>\n\t\t","protected":false},"excerpt":{"rendered":"<p>Programma per i lavoratori autonomi in Canada Se entri in Canada attraverso il programma per i lavoratori autonomi, devi avere un&#8217;esperienza rilevante in attivit\u00e0 culturali o atletiche. Devi anche essere pronto e disposto a contribuire alla vita culturale o atletica del Canada. L&#8217;elenco dei tipi di carriera \u00e8 elencato nella classificazione nazionale delle occupazioni del [&hellip;]<\/p>\n","protected":false},"author":6,"featured_media":0,"parent":182,"menu_order":0,"comment_status":"closed","ping_status":"closed","template":"","meta":{"footnotes":""},"wf_page_folders":[14],"class_list":["post-744","page","type-page","status-publish","hentry"],"yoast_head":"<!-- This site is optimized with the Yoast SEO plugin v26.8 - https:\/\/yoast.com\/product\/yoast-seo-wordpress\/ -->\n<title>Lavoratori Autonomi - Dicenta Il Proprio Capo In Canada<\/title>\n<meta name=\"description\" content=\"Come andare a lavorare in Canada? Affidati la tua immigrazione ai nostri esperti - ti aiuteremo a trasferirsi il pi\u00f9 presto e pi\u00f9 facilmente possibile.\" \/>\n<meta name=\"robots\" content=\"index, follow, max-snippet:-1, max-image-preview:large, max-video-preview:-1\" \/>\n<link rel=\"canonical\" href=\"https:\/\/www.canadacis.org\/it\/immigrazione\/immigrazione-per-affari\/lavoratori-autonomi\/\" \/>\n<meta property=\"og:locale\" content=\"en_US\" \/>\n<meta property=\"og:type\" content=\"article\" \/>\n<meta property=\"og:title\" content=\"Lavoratori Autonomi - Dicenta Il Proprio Capo In Canada\" \/>\n<meta property=\"og:description\" content=\"Come andare a lavorare in Canada? Affidati la tua immigrazione ai nostri esperti - ti aiuteremo a trasferirsi il pi\u00f9 presto e pi\u00f9 facilmente possibile.\" \/>\n<meta property=\"og:url\" content=\"https:\/\/www.canadacis.org\/it\/immigrazione\/immigrazione-per-affari\/lavoratori-autonomi\/\" \/>\n<meta property=\"og:site_name\" content=\"Canada Citizenship Immigration Services\" \/>\n<meta property=\"article:modified_time\" content=\"2024-05-14T20:27:31+00:00\" \/>\n<meta property=\"og:image\" content=\"https:\/\/www.canadacis.org\/app\/uploads\/sites\/3\/2024\/05\/Self-Employed-Program.png\" \/>\n<meta name=\"twitter:card\" content=\"summary_large_image\" \/>\n<meta name=\"twitter:label1\" content=\"Est. reading time\" \/>\n\t<meta name=\"twitter:data1\" content=\"5 minutes\" \/>\n<script type=\"application\/ld+json\" class=\"yoast-schema-graph\">{\"@context\":\"https:\/\/schema.org\",\"@graph\":[{\"@type\":\"WebPage\",\"@id\":\"https:\/\/www.canadacis.org\/it\/immigrazione\/immigrazione-per-affari\/lavoratori-autonomi\/\",\"url\":\"https:\/\/www.canadacis.org\/it\/immigrazione\/immigrazione-per-affari\/lavoratori-autonomi\/\",\"name\":\"Lavoratori Autonomi - Dicenta Il Proprio Capo In Canada\",\"isPartOf\":{\"@id\":\"https:\/\/www.canadacis.org\/it\/#website\"},\"primaryImageOfPage\":{\"@id\":\"https:\/\/www.canadacis.org\/it\/immigrazione\/immigrazione-per-affari\/lavoratori-autonomi\/#primaryimage\"},\"image\":{\"@id\":\"https:\/\/www.canadacis.org\/it\/immigrazione\/immigrazione-per-affari\/lavoratori-autonomi\/#primaryimage\"},\"thumbnailUrl\":\"https:\/\/www.canadacis.org\/app\/uploads\/sites\/3\/2024\/05\/Self-Employed-Program.png\",\"datePublished\":\"2019-06-20T12:43:01+00:00\",\"dateModified\":\"2024-05-14T20:27:31+00:00\",\"description\":\"Come andare a lavorare in Canada? Affidati la tua immigrazione ai nostri esperti - ti aiuteremo a trasferirsi il pi\u00f9 presto e pi\u00f9 facilmente possibile.\",\"breadcrumb\":{\"@id\":\"https:\/\/www.canadacis.org\/it\/immigrazione\/immigrazione-per-affari\/lavoratori-autonomi\/#breadcrumb\"},\"inLanguage\":\"en-US\",\"potentialAction\":[{\"@type\":\"ReadAction\",\"target\":[\"https:\/\/www.canadacis.org\/it\/immigrazione\/immigrazione-per-affari\/lavoratori-autonomi\/\"]}]},{\"@type\":\"ImageObject\",\"inLanguage\":\"en-US\",\"@id\":\"https:\/\/www.canadacis.org\/it\/immigrazione\/immigrazione-per-affari\/lavoratori-autonomi\/#primaryimage\",\"url\":\"https:\/\/www.canadacis.org\/app\/uploads\/sites\/3\/2024\/05\/Self-Employed-Program.png\",\"contentUrl\":\"https:\/\/www.canadacis.org\/app\/uploads\/sites\/3\/2024\/05\/Self-Employed-Program.png\"},{\"@type\":\"BreadcrumbList\",\"@id\":\"https:\/\/www.canadacis.org\/it\/immigrazione\/immigrazione-per-affari\/lavoratori-autonomi\/#breadcrumb\",\"itemListElement\":[{\"@type\":\"ListItem\",\"position\":1,\"name\":\"Home\",\"item\":\"https:\/\/www.canadacis.org\/it\/\"},{\"@type\":\"ListItem\",\"position\":2,\"name\":\"Immigrazione\",\"item\":\"https:\/\/www.canadacis.org\/it\/immigrazione\/\"},{\"@type\":\"ListItem\",\"position\":3,\"name\":\"Immigrazione per Affari\",\"item\":\"https:\/\/www.canadacis.org\/it\/immigrazione\/immigrazione-per-affari\/\"},{\"@type\":\"ListItem\",\"position\":4,\"name\":\"Lavoratori Autonomi\"}]},{\"@type\":\"WebSite\",\"@id\":\"https:\/\/www.canadacis.org\/it\/#website\",\"url\":\"https:\/\/www.canadacis.org\/it\/\",\"name\":\"Canada Citizenship Immigration Services\",\"description\":\"Consulenza #1 per Immigrazione in Canada\",\"publisher\":{\"@id\":\"https:\/\/www.canadacis.org\/it\/#organization\"},\"potentialAction\":[{\"@type\":\"SearchAction\",\"target\":{\"@type\":\"EntryPoint\",\"urlTemplate\":\"https:\/\/www.canadacis.org\/it\/?s={search_term_string}\"},\"query-input\":{\"@type\":\"PropertyValueSpecification\",\"valueRequired\":true,\"valueName\":\"search_term_string\"}}],\"inLanguage\":\"en-US\"},{\"@type\":\"Organization\",\"@id\":\"https:\/\/www.canadacis.org\/it\/#organization\",\"name\":\"CanadaCIS - Canada Citizenship Immigration Services\",\"url\":\"https:\/\/www.canadacis.org\/it\/\",\"logo\":{\"@type\":\"ImageObject\",\"inLanguage\":\"en-US\",\"@id\":\"https:\/\/www.canadacis.org\/it\/#\/schema\/logo\/image\/\",\"url\":\"https:\/\/www.canadacis.org\/app\/uploads\/sites\/3\/2020\/06\/logo4-e1606657230716.png\",\"contentUrl\":\"https:\/\/www.canadacis.org\/app\/uploads\/sites\/3\/2020\/06\/logo4-e1606657230716.png\",\"width\":200,\"height\":121,\"caption\":\"CanadaCIS - Canada Citizenship Immigration Services\"},\"image\":{\"@id\":\"https:\/\/www.canadacis.org\/it\/#\/schema\/logo\/image\/\"}}]}<\/script>\n<!-- \/ Yoast SEO plugin. -->","yoast_head_json":{"title":"Lavoratori Autonomi - Dicenta Il Proprio Capo In Canada","description":"Come andare a lavorare in Canada? Affidati la tua immigrazione ai nostri esperti - ti aiuteremo a trasferirsi il pi\u00f9 presto e pi\u00f9 facilmente possibile.","robots":{"index":"index","follow":"follow","max-snippet":"max-snippet:-1","max-image-preview":"max-image-preview:large","max-video-preview":"max-video-preview:-1"},"canonical":"https:\/\/www.canadacis.org\/it\/immigrazione\/immigrazione-per-affari\/lavoratori-autonomi\/","og_locale":"en_US","og_type":"article","og_title":"Lavoratori Autonomi - Dicenta Il Proprio Capo In Canada","og_description":"Come andare a lavorare in Canada? Affidati la tua immigrazione ai nostri esperti - ti aiuteremo a trasferirsi il pi\u00f9 presto e pi\u00f9 facilmente possibile.","og_url":"https:\/\/www.canadacis.org\/it\/immigrazione\/immigrazione-per-affari\/lavoratori-autonomi\/","og_site_name":"Canada Citizenship Immigration Services","article_modified_time":"2024-05-14T20:27:31+00:00","og_image":[{"url":"https:\/\/www.canadacis.org\/app\/uploads\/sites\/3\/2024\/05\/Self-Employed-Program.png","type":"","width":"","height":""}],"twitter_card":"summary_large_image","twitter_misc":{"Est. reading time":"5 minutes"},"schema":{"@context":"https:\/\/schema.org","@graph":[{"@type":"WebPage","@id":"https:\/\/www.canadacis.org\/it\/immigrazione\/immigrazione-per-affari\/lavoratori-autonomi\/","url":"https:\/\/www.canadacis.org\/it\/immigrazione\/immigrazione-per-affari\/lavoratori-autonomi\/","name":"Lavoratori Autonomi - Dicenta Il Proprio Capo In Canada","isPartOf":{"@id":"https:\/\/www.canadacis.org\/it\/#website"},"primaryImageOfPage":{"@id":"https:\/\/www.canadacis.org\/it\/immigrazione\/immigrazione-per-affari\/lavoratori-autonomi\/#primaryimage"},"image":{"@id":"https:\/\/www.canadacis.org\/it\/immigrazione\/immigrazione-per-affari\/lavoratori-autonomi\/#primaryimage"},"thumbnailUrl":"https:\/\/www.canadacis.org\/app\/uploads\/sites\/3\/2024\/05\/Self-Employed-Program.png","datePublished":"2019-06-20T12:43:01+00:00","dateModified":"2024-05-14T20:27:31+00:00","description":"Come andare a lavorare in Canada? Affidati la tua immigrazione ai nostri esperti - ti aiuteremo a trasferirsi il pi\u00f9 presto e pi\u00f9 facilmente possibile.","breadcrumb":{"@id":"https:\/\/www.canadacis.org\/it\/immigrazione\/immigrazione-per-affari\/lavoratori-autonomi\/#breadcrumb"},"inLanguage":"en-US","potentialAction":[{"@type":"ReadAction","target":["https:\/\/www.canadacis.org\/it\/immigrazione\/immigrazione-per-affari\/lavoratori-autonomi\/"]}]},{"@type":"ImageObject","inLanguage":"en-US","@id":"https:\/\/www.canadacis.org\/it\/immigrazione\/immigrazione-per-affari\/lavoratori-autonomi\/#primaryimage","url":"https:\/\/www.canadacis.org\/app\/uploads\/sites\/3\/2024\/05\/Self-Employed-Program.png","contentUrl":"https:\/\/www.canadacis.org\/app\/uploads\/sites\/3\/2024\/05\/Self-Employed-Program.png"},{"@type":"BreadcrumbList","@id":"https:\/\/www.canadacis.org\/it\/immigrazione\/immigrazione-per-affari\/lavoratori-autonomi\/#breadcrumb","itemListElement":[{"@type":"ListItem","position":1,"name":"Home","item":"https:\/\/www.canadacis.org\/it\/"},{"@type":"ListItem","position":2,"name":"Immigrazione","item":"https:\/\/www.canadacis.org\/it\/immigrazione\/"},{"@type":"ListItem","position":3,"name":"Immigrazione per Affari","item":"https:\/\/www.canadacis.org\/it\/immigrazione\/immigrazione-per-affari\/"},{"@type":"ListItem","position":4,"name":"Lavoratori Autonomi"}]},{"@type":"WebSite","@id":"https:\/\/www.canadacis.org\/it\/#website","url":"https:\/\/www.canadacis.org\/it\/","name":"Canada Citizenship Immigration Services","description":"Consulenza #1 per Immigrazione in Canada","publisher":{"@id":"https:\/\/www.canadacis.org\/it\/#organization"},"potentialAction":[{"@type":"SearchAction","target":{"@type":"EntryPoint","urlTemplate":"https:\/\/www.canadacis.org\/it\/?s={search_term_string}"},"query-input":{"@type":"PropertyValueSpecification","valueRequired":true,"valueName":"search_term_string"}}],"inLanguage":"en-US"},{"@type":"Organization","@id":"https:\/\/www.canadacis.org\/it\/#organization","name":"CanadaCIS - Canada Citizenship Immigration Services","url":"https:\/\/www.canadacis.org\/it\/","logo":{"@type":"ImageObject","inLanguage":"en-US","@id":"https:\/\/www.canadacis.org\/it\/#\/schema\/logo\/image\/","url":"https:\/\/www.canadacis.org\/app\/uploads\/sites\/3\/2020\/06\/logo4-e1606657230716.png","contentUrl":"https:\/\/www.canadacis.org\/app\/uploads\/sites\/3\/2020\/06\/logo4-e1606657230716.png","width":200,"height":121,"caption":"CanadaCIS - Canada Citizenship Immigration Services"},"image":{"@id":"https:\/\/www.canadacis.org\/it\/#\/schema\/logo\/image\/"}}]}},"_links":{"self":[{"href":"https:\/\/www.canadacis.org\/it\/wp-json\/wp\/v2\/pages\/744","targetHints":{"allow":["GET"]}}],"collection":[{"href":"https:\/\/www.canadacis.org\/it\/wp-json\/wp\/v2\/pages"}],"about":[{"href":"https:\/\/www.canadacis.org\/it\/wp-json\/wp\/v2\/types\/page"}],"author":[{"embeddable":true,"href":"https:\/\/www.canadacis.org\/it\/wp-json\/wp\/v2\/users\/6"}],"replies":[{"embeddable":true,"href":"https:\/\/www.canadacis.org\/it\/wp-json\/wp\/v2\/comments?post=744"}],"version-history":[{"count":3,"href":"https:\/\/www.canadacis.org\/it\/wp-json\/wp\/v2\/pages\/744\/revisions"}],"predecessor-version":[{"id":11587,"href":"https:\/\/www.canadacis.org\/it\/wp-json\/wp\/v2\/pages\/744\/revisions\/11587"}],"up":[{"embeddable":true,"href":"https:\/\/www.canadacis.org\/it\/wp-json\/wp\/v2\/pages\/182"}],"wp:attachment":[{"href":"https:\/\/www.canadacis.org\/it\/wp-json\/wp\/v2\/media?parent=744"}],"wp:term":[{"taxonomy":"wf_page_folders","embeddable":true,"href":"https:\/\/www.canadacis.org\/it\/wp-json\/wp\/v2\/wf_page_folders?post=744"}],"curies":[{"name":"wp","href":"https:\/\/api.w.org\/{rel}","templated":true}]}}